{"id":17687,"date":"2026-04-22T15:20:15","date_gmt":"2026-04-22T15:20:15","guid":{"rendered":"https:\/\/congresogro.gob.mx\/inicio\/?page_id=17687"},"modified":"2026-04-22T15:24:57","modified_gmt":"2026-04-22T15:24:57","slug":"infografias-tucongreso","status":"publish","type":"page","link":"https:\/\/congresogro.gob.mx\/inicio\/infografias-tucongreso\/","title":{"rendered":"Infograf\u00edas #TuCongreso"},"content":{"rendered":"\t\t<div data-elementor-type=\"wp-page\" data-elementor-id=\"17687\" class=\"elementor elementor-17687\">\n\t\t\t\t<div class=\"elementor-element elementor-element-e92e8aa e-flex e-con-boxed e-con e-parent\" data-id=\"e92e8aa\" data-element_type=\"container\">\n\t\t\t\t\t<div class=\"e-con-inner\">\n\t\t\t\t<div class=\"elementor-element elementor-element-7294942 elementor-widget elementor-widget-image-gallery\" data-id=\"7294942\" data-element_type=\"widget\" data-widget_type=\"image-gallery.default\">\n\t\t\t\t<div class=\"elementor-widget-container\">\n\t\t\t\t\t<div class=\"elementor-image-gallery\">\n\t\t\t\n\t\t<style type=\"text\/css\">\n\t\t\t#gallery-1 {\n\t\t\t\tmargin: auto;\n\t\t\t}\n\t\t\t#gallery-1 .gallery-item {\n\t\t\t\tfloat: left;\n\t\t\t\tmargin-top: 10px;\n\t\t\t\ttext-align: center;\n\t\t\t\twidth: 25%;\n\t\t\t}\n\t\t\t#gallery-1 img {\n\t\t\t\tborder: 2px solid #cfcfcf;\n\t\t\t}\n\t\t\t#gallery-1 .gallery-caption {\n\t\t\t\tmargin-left: 0;\n\t\t\t}\n\t\t\t\/* see gallery_shortcode() in wp-includes\/media.php *\/\n\t\t<\/style>\n\t\t<div id='gallery-1' class='gallery galleryid-17687 gallery-columns-4 gallery-size-medium'><dl class='gallery-item'>\n\t\t\t<dt class='gallery-icon portrait'>\n\t\t\t\t<a data-elementor-open-lightbox=\"yes\" data-elementor-lightbox-slideshow=\"7294942\" data-elementor-lightbox-title=\"Coordinacion-interinstitucional-\" data-elementor-lightbox-description=\"Coordinacion-interinstitucional-\" data-e-action-hash=\"#elementor-action%3Aaction%3Dlightbox%26settings%3DeyJpZCI6MTc2NjMsInVybCI6Imh0dHBzOlwvXC9jb25ncmVzb2dyby5nb2IubXhcL2luaWNpb1wvd3AtY29udGVudFwvdXBsb2Fkc1wvMjAyNlwvMDRcL0Nvb3JkaW5hY2lvbi1pbnRlcmluc3RpdHVjaW9uYWwtLmpwZWciLCJzbGlkZXNob3ciOiI3Mjk0OTQyIn0%3D\" href='https:\/\/congresogro.gob.mx\/inicio\/wp-content\/uploads\/2026\/04\/Coordinacion-interinstitucional-.jpeg'><img fetchpriority=\"high\" decoding=\"async\" width=\"232\" height=\"300\" src=\"https:\/\/congresogro.gob.mx\/inicio\/wp-content\/uploads\/2026\/04\/Coordinacion-interinstitucional--232x300.jpeg\" class=\"attachment-medium size-medium\" alt=\"Coordinacion-interinstitucional-\" aria-describedby=\"gallery-1-17663\" srcset=\"https:\/\/congresogro.gob.mx\/inicio\/wp-content\/uploads\/2026\/04\/Coordinacion-interinstitucional--232x300.jpeg 232w, https:\/\/congresogro.gob.mx\/inicio\/wp-content\/uploads\/2026\/04\/Coordinacion-interinstitucional--791x1024.jpeg 791w, https:\/\/congresogro.gob.mx\/inicio\/wp-content\/uploads\/2026\/04\/Coordinacion-interinstitucional--768x994.jpeg 768w, https:\/\/congresogro.gob.mx\/inicio\/wp-content\/uploads\/2026\/04\/Coordinacion-interinstitucional--1187x1536.jpeg 1187w, https:\/\/congresogro.gob.mx\/inicio\/wp-content\/uploads\/2026\/04\/Coordinacion-interinstitucional--1582x2048.jpeg 1582w, https:\/\/congresogro.gob.mx\/inicio\/wp-content\/uploads\/2026\/04\/Coordinacion-interinstitucional--464x600.jpeg 464w, https:\/\/congresogro.gob.mx\/inicio\/wp-content\/uploads\/2026\/04\/Coordinacion-interinstitucional--433x560.jpeg 433w, https:\/\/congresogro.gob.mx\/inicio\/wp-content\/uploads\/2026\/04\/Coordinacion-interinstitucional-.jpeg 1978w\" sizes=\"(max-width: 232px) 100vw, 232px\" \/><\/a>\n\t\t\t<\/dt>\n\t\t\t\t<dd class='wp-caption-text gallery-caption' id='gallery-1-17663'>\n\t\t\t\tCoordinacion-interinstitucional-\n\t\t\t\t<\/dd><\/dl><dl class='gallery-item'>\n\t\t\t<dt class='gallery-icon portrait'>\n\t\t\t\t<a data-elementor-open-lightbox=\"yes\" data-elementor-lightbox-slideshow=\"7294942\" data-elementor-lightbox-title=\"APRUEBAN DIPUTADAS Y DIPUTADOS REFORMAS PARA PROHIBIR LAS UNIONES TEMPRANAS O EMANCIPACIONES DE MENORES DE EDAD EN GUERRERO\" data-elementor-lightbox-description=\"APRUEBAN DIPUTADAS Y DIPUTADOS REFORMAS PARA PROHIBIR LAS UNIONES TEMPRANAS O EMANCIPACIONES DE MENORES DE EDAD EN GUERRERO\" data-e-action-hash=\"#elementor-action%3Aaction%3Dlightbox%26settings%3DeyJpZCI6MTczMzMsInVybCI6Imh0dHBzOlwvXC9jb25ncmVzb2dyby5nb2IubXhcL2luaWNpb1wvd3AtY29udGVudFwvdXBsb2Fkc1wvMjAyNlwvMDRcL1BST0hJQklSLVVOSU9ORVMtVEVNUFJBTkFTLU8tRU1BTkNJUEFDSU9ORVMtMDYtQUJSSUwtMjAyNi5qcGVnIiwic2xpZGVzaG93IjoiNzI5NDk0MiJ9\" href='https:\/\/congresogro.gob.mx\/inicio\/wp-content\/uploads\/2026\/04\/PROHIBIR-UNIONES-TEMPRANAS-O-EMANCIPACIONES-06-ABRIL-2026.jpeg'><img decoding=\"async\" width=\"232\" height=\"300\" src=\"https:\/\/congresogro.gob.mx\/inicio\/wp-content\/uploads\/2026\/04\/PROHIBIR-UNIONES-TEMPRANAS-O-EMANCIPACIONES-06-ABRIL-2026-232x300.jpeg\" class=\"attachment-medium size-medium\" alt=\"APRUEBAN DIPUTADAS Y DIPUTADOS REFORMAS PARA PROHIBIR LAS UNIONES TEMPRANAS O EMANCIPACIONES DE MENORES DE EDAD EN GUERRERO\" aria-describedby=\"gallery-1-17333\" srcset=\"https:\/\/congresogro.gob.mx\/inicio\/wp-content\/uploads\/2026\/04\/PROHIBIR-UNIONES-TEMPRANAS-O-EMANCIPACIONES-06-ABRIL-2026-232x300.jpeg 232w, https:\/\/congresogro.gob.mx\/inicio\/wp-content\/uploads\/2026\/04\/PROHIBIR-UNIONES-TEMPRANAS-O-EMANCIPACIONES-06-ABRIL-2026-791x1024.jpeg 791w, https:\/\/congresogro.gob.mx\/inicio\/wp-content\/uploads\/2026\/04\/PROHIBIR-UNIONES-TEMPRANAS-O-EMANCIPACIONES-06-ABRIL-2026-768x994.jpeg 768w, https:\/\/congresogro.gob.mx\/inicio\/wp-content\/uploads\/2026\/04\/PROHIBIR-UNIONES-TEMPRANAS-O-EMANCIPACIONES-06-ABRIL-2026-1187x1536.jpeg 1187w, https:\/\/congresogro.gob.mx\/inicio\/wp-content\/uploads\/2026\/04\/PROHIBIR-UNIONES-TEMPRANAS-O-EMANCIPACIONES-06-ABRIL-2026-464x600.jpeg 464w, https:\/\/congresogro.gob.mx\/inicio\/wp-content\/uploads\/2026\/04\/PROHIBIR-UNIONES-TEMPRANAS-O-EMANCIPACIONES-06-ABRIL-2026-433x560.jpeg 433w, https:\/\/congresogro.gob.mx\/inicio\/wp-content\/uploads\/2026\/04\/PROHIBIR-UNIONES-TEMPRANAS-O-EMANCIPACIONES-06-ABRIL-2026.jpeg 1236w\" sizes=\"(max-width: 232px) 100vw, 232px\" \/><\/a>\n\t\t\t<\/dt>\n\t\t\t\t<dd class='wp-caption-text gallery-caption' id='gallery-1-17333'>\n\t\t\t\tAPRUEBAN DIPUTADAS Y DIPUTADOS REFORMAS PARA PROHIBIR LAS UNIONES TEMPRANAS O EMANCIPACIONES DE MENORES DE EDAD EN GUERRERO\n\t\t\t\t<\/dd><\/dl><dl class='gallery-item'>\n\t\t\t<dt class='gallery-icon portrait'>\n\t\t\t\t<a data-elementor-open-lightbox=\"yes\" data-elementor-lightbox-slideshow=\"7294942\" data-elementor-lightbox-title=\"REFORMA AUTONOMIA SINDICAL Y DERECHOS LABORALES\" data-elementor-lightbox-description=\"REFORMA AUTONOMIA SINDICAL Y DERECHOS LABORALES\" data-e-action-hash=\"#elementor-action%3Aaction%3Dlightbox%26settings%3DeyJpZCI6MTcyMDMsInVybCI6Imh0dHBzOlwvXC9jb25ncmVzb2dyby5nb2IubXhcL2luaWNpb1wvd3AtY29udGVudFwvdXBsb2Fkc1wvMjAyNlwvMDNcL1JFRk9STUEtQVVUT05PTUlBLVNJTkRJQ0FMLmpwZyIsInNsaWRlc2hvdyI6IjcyOTQ5NDIifQ%3D%3D\" href='https:\/\/congresogro.gob.mx\/inicio\/wp-content\/uploads\/2026\/03\/REFORMA-AUTONOMIA-SINDICAL.jpg'><img decoding=\"async\" width=\"232\" height=\"300\" src=\"https:\/\/congresogro.gob.mx\/inicio\/wp-content\/uploads\/2026\/03\/REFORMA-AUTONOMIA-SINDICAL-232x300.jpg\" class=\"attachment-medium size-medium\" alt=\"REFORMA AUTONOMIA SINDICAL Y DERECHOS LABORALES\" aria-describedby=\"gallery-1-17203\" srcset=\"https:\/\/congresogro.gob.mx\/inicio\/wp-content\/uploads\/2026\/03\/REFORMA-AUTONOMIA-SINDICAL-232x300.jpg 232w, https:\/\/congresogro.gob.mx\/inicio\/wp-content\/uploads\/2026\/03\/REFORMA-AUTONOMIA-SINDICAL-465x600.jpg 465w, https:\/\/congresogro.gob.mx\/inicio\/wp-content\/uploads\/2026\/03\/REFORMA-AUTONOMIA-SINDICAL-434x560.jpg 434w, https:\/\/congresogro.gob.mx\/inicio\/wp-content\/uploads\/2026\/03\/REFORMA-AUTONOMIA-SINDICAL.jpg 614w\" sizes=\"(max-width: 232px) 100vw, 232px\" \/><\/a>\n\t\t\t<\/dt>\n\t\t\t\t<dd class='wp-caption-text gallery-caption' id='gallery-1-17203'>\n\t\t\t\tREFORMA AUTONOMIA SINDICAL Y DERECHOS LABORALES\n\t\t\t\t<\/dd><\/dl><dl class='gallery-item'>\n\t\t\t<dt class='gallery-icon portrait'>\n\t\t\t\t<a data-elementor-open-lightbox=\"yes\" data-elementor-lightbox-slideshow=\"7294942\" data-elementor-lightbox-title=\"REFORMA A CODIGO PENAL PARA REFORZAR DELITOS PSICOSEXUALES\" data-elementor-lightbox-description=\"REFORMA A CODIGO PENAL PARA REFORZAR DELITOS PSICOSEXUALES\" data-e-action-hash=\"#elementor-action%3Aaction%3Dlightbox%26settings%3DeyJpZCI6MTY5MTksInVybCI6Imh0dHBzOlwvXC9jb25ncmVzb2dyby5nb2IubXhcL2luaWNpb1wvd3AtY29udGVudFwvdXBsb2Fkc1wvMjAyNlwvMDNcL1JFRk9STUEtQS1DT0RJR08tUEVOQUwtUEFSQS1SRUZPUlpBUi1ERUxJVE9TLVBTSUNPU0VYVUFMRVMuanBlZyIsInNsaWRlc2hvdyI6IjcyOTQ5NDIifQ%3D%3D\" href='https:\/\/congresogro.gob.mx\/inicio\/wp-content\/uploads\/2026\/03\/REFORMA-A-CODIGO-PENAL-PARA-REFORZAR-DELITOS-PSICOSEXUALES.jpeg'><img loading=\"lazy\" decoding=\"async\" width=\"247\" height=\"300\" src=\"https:\/\/congresogro.gob.mx\/inicio\/wp-content\/uploads\/2026\/03\/REFORMA-A-CODIGO-PENAL-PARA-REFORZAR-DELITOS-PSICOSEXUALES-247x300.jpeg\" class=\"attachment-medium size-medium\" alt=\"REFORMA A CODIGO PENAL PARA REFORZAR DELITOS PSICOSEXUALES\" aria-describedby=\"gallery-1-16919\" srcset=\"https:\/\/congresogro.gob.mx\/inicio\/wp-content\/uploads\/2026\/03\/REFORMA-A-CODIGO-PENAL-PARA-REFORZAR-DELITOS-PSICOSEXUALES-247x300.jpeg 247w, https:\/\/congresogro.gob.mx\/inicio\/wp-content\/uploads\/2026\/03\/REFORMA-A-CODIGO-PENAL-PARA-REFORZAR-DELITOS-PSICOSEXUALES-843x1024.jpeg 843w, https:\/\/congresogro.gob.mx\/inicio\/wp-content\/uploads\/2026\/03\/REFORMA-A-CODIGO-PENAL-PARA-REFORZAR-DELITOS-PSICOSEXUALES-768x933.jpeg 768w, https:\/\/congresogro.gob.mx\/inicio\/wp-content\/uploads\/2026\/03\/REFORMA-A-CODIGO-PENAL-PARA-REFORZAR-DELITOS-PSICOSEXUALES-1264x1536.jpeg 1264w, https:\/\/congresogro.gob.mx\/inicio\/wp-content\/uploads\/2026\/03\/REFORMA-A-CODIGO-PENAL-PARA-REFORZAR-DELITOS-PSICOSEXUALES-494x600.jpeg 494w, https:\/\/congresogro.gob.mx\/inicio\/wp-content\/uploads\/2026\/03\/REFORMA-A-CODIGO-PENAL-PARA-REFORZAR-DELITOS-PSICOSEXUALES-461x560.jpeg 461w, https:\/\/congresogro.gob.mx\/inicio\/wp-content\/uploads\/2026\/03\/REFORMA-A-CODIGO-PENAL-PARA-REFORZAR-DELITOS-PSICOSEXUALES.jpeg 1317w\" sizes=\"(max-width: 247px) 100vw, 247px\" \/><\/a>\n\t\t\t<\/dt>\n\t\t\t\t<dd class='wp-caption-text gallery-caption' id='gallery-1-16919'>\n\t\t\t\tREFORMA A CODIGO PENAL PARA REFORZAR DELITOS PSICOSEXUALES\n\t\t\t\t<\/dd><\/dl><br style=\"clear: both\" \/><dl class='gallery-item'>\n\t\t\t<dt class='gallery-icon portrait'>\n\t\t\t\t<a data-elementor-open-lightbox=\"yes\" data-elementor-lightbox-slideshow=\"7294942\" data-elementor-lightbox-title=\"MENORES DE 12 A\u00d1OS NO PODR\u00c1N VIAJAR EN MOTOCICLETAS\" data-elementor-lightbox-description=\"REFORMA A CODIGO PENAL PARA REFORZAR DELITOS PSICOSEXUALES\" data-e-action-hash=\"#elementor-action%3Aaction%3Dlightbox%26settings%3DeyJpZCI6MTY5MTgsInVybCI6Imh0dHBzOlwvXC9jb25ncmVzb2dyby5nb2IubXhcL2luaWNpb1wvd3AtY29udGVudFwvdXBsb2Fkc1wvMjAyNlwvMDNcL01FTk9SRVMtREUtMTItQU5PUy1FTi1NT1RPUy5qcGVnIiwic2xpZGVzaG93IjoiNzI5NDk0MiJ9\" href='https:\/\/congresogro.gob.mx\/inicio\/wp-content\/uploads\/2026\/03\/MENORES-DE-12-ANOS-EN-MOTOS.jpeg'><img loading=\"lazy\" decoding=\"async\" width=\"232\" height=\"300\" src=\"https:\/\/congresogro.gob.mx\/inicio\/wp-content\/uploads\/2026\/03\/MENORES-DE-12-ANOS-EN-MOTOS-232x300.jpeg\" class=\"attachment-medium size-medium\" alt=\"MENORES DE 12 A\u00d1OS NO PODR\u00c1N VIAJAR EN MOTOCICLETAS\" aria-describedby=\"gallery-1-16918\" srcset=\"https:\/\/congresogro.gob.mx\/inicio\/wp-content\/uploads\/2026\/03\/MENORES-DE-12-ANOS-EN-MOTOS-232x300.jpeg 232w, https:\/\/congresogro.gob.mx\/inicio\/wp-content\/uploads\/2026\/03\/MENORES-DE-12-ANOS-EN-MOTOS-791x1024.jpeg 791w, https:\/\/congresogro.gob.mx\/inicio\/wp-content\/uploads\/2026\/03\/MENORES-DE-12-ANOS-EN-MOTOS-768x994.jpeg 768w, https:\/\/congresogro.gob.mx\/inicio\/wp-content\/uploads\/2026\/03\/MENORES-DE-12-ANOS-EN-MOTOS-1187x1536.jpeg 1187w, https:\/\/congresogro.gob.mx\/inicio\/wp-content\/uploads\/2026\/03\/MENORES-DE-12-ANOS-EN-MOTOS-464x600.jpeg 464w, https:\/\/congresogro.gob.mx\/inicio\/wp-content\/uploads\/2026\/03\/MENORES-DE-12-ANOS-EN-MOTOS-433x560.jpeg 433w, https:\/\/congresogro.gob.mx\/inicio\/wp-content\/uploads\/2026\/03\/MENORES-DE-12-ANOS-EN-MOTOS.jpeg 1236w\" sizes=\"(max-width: 232px) 100vw, 232px\" \/><\/a>\n\t\t\t<\/dt>\n\t\t\t\t<dd class='wp-caption-text gallery-caption' id='gallery-1-16918'>\n\t\t\t\tMENORES DE 12 A\u00d1OS NO PODR\u00c1N VIAJAR EN MOTOCICLETAS\n\t\t\t\t<\/dd><\/dl><dl class='gallery-item'>\n\t\t\t<dt class='gallery-icon portrait'>\n\t\t\t\t<a data-elementor-open-lightbox=\"yes\" data-elementor-lightbox-slideshow=\"7294942\" data-elementor-lightbox-title=\"Aprueba el Congreso de Guerrero iniciativas en materia de extorsi\u00f3n\" data-elementor-lightbox-description=\"Aprueba el Congreso de Guerrero iniciativas en materia de extorsi\u00f3n\" data-e-action-hash=\"#elementor-action%3Aaction%3Dlightbox%26settings%3DeyJpZCI6MTY3MTksInVybCI6Imh0dHBzOlwvXC9jb25ncmVzb2dyby5nb2IubXhcL2luaWNpb1wvd3AtY29udGVudFwvdXBsb2Fkc1wvMjAyNlwvMDJcL0luZm9ncmFmaWEtSW5jaWF0aXZhcy1lbi1tYXRlcmlhLWRlLWV4dG9yc2lvbi5qcGVnIiwic2xpZGVzaG93IjoiNzI5NDk0MiJ9\" href='https:\/\/congresogro.gob.mx\/inicio\/wp-content\/uploads\/2026\/02\/Infografia-Inciativas-en-materia-de-extorsion.jpeg'><img loading=\"lazy\" decoding=\"async\" width=\"232\" height=\"300\" src=\"https:\/\/congresogro.gob.mx\/inicio\/wp-content\/uploads\/2026\/02\/Infografia-Inciativas-en-materia-de-extorsion-232x300.jpeg\" class=\"attachment-medium size-medium\" alt=\"Aprueba el Congreso de Guerrero iniciativas en materia de extorsi\u00f3n\" aria-describedby=\"gallery-1-16719\" srcset=\"https:\/\/congresogro.gob.mx\/inicio\/wp-content\/uploads\/2026\/02\/Infografia-Inciativas-en-materia-de-extorsion-232x300.jpeg 232w, https:\/\/congresogro.gob.mx\/inicio\/wp-content\/uploads\/2026\/02\/Infografia-Inciativas-en-materia-de-extorsion-791x1024.jpeg 791w, https:\/\/congresogro.gob.mx\/inicio\/wp-content\/uploads\/2026\/02\/Infografia-Inciativas-en-materia-de-extorsion-768x994.jpeg 768w, https:\/\/congresogro.gob.mx\/inicio\/wp-content\/uploads\/2026\/02\/Infografia-Inciativas-en-materia-de-extorsion-1187x1536.jpeg 1187w, https:\/\/congresogro.gob.mx\/inicio\/wp-content\/uploads\/2026\/02\/Infografia-Inciativas-en-materia-de-extorsion-1582x2048.jpeg 1582w, https:\/\/congresogro.gob.mx\/inicio\/wp-content\/uploads\/2026\/02\/Infografia-Inciativas-en-materia-de-extorsion-464x600.jpeg 464w, https:\/\/congresogro.gob.mx\/inicio\/wp-content\/uploads\/2026\/02\/Infografia-Inciativas-en-materia-de-extorsion-433x560.jpeg 433w, https:\/\/congresogro.gob.mx\/inicio\/wp-content\/uploads\/2026\/02\/Infografia-Inciativas-en-materia-de-extorsion.jpeg 1978w\" sizes=\"(max-width: 232px) 100vw, 232px\" \/><\/a>\n\t\t\t<\/dt>\n\t\t\t\t<dd class='wp-caption-text gallery-caption' id='gallery-1-16719'>\n\t\t\t\tAprueba el Congreso de Guerrero iniciativas en materia de extorsi\u00f3n\n\t\t\t\t<\/dd><\/dl><dl class='gallery-item'>\n\t\t\t<dt class='gallery-icon portrait'>\n\t\t\t\t<a data-elementor-open-lightbox=\"yes\" data-elementor-lightbox-slideshow=\"7294942\" data-elementor-lightbox-title=\"El Congreso del Estado de Guerrero avanza en justicia social e inclusi\u00f3n\" data-elementor-lightbox-description=\"Aprobamos reformas a la Ley 495 del Registro Civil para garantizar la gratuidad y simplificaci\u00f3n del registro de defunciones extempor\u00e1neas, reconociendo los derechos del pueblo afromexicano y fortaleciendo el acceso a la seguridad jur\u00eddica.\" data-e-action-hash=\"#elementor-action%3Aaction%3Dlightbox%26settings%3DeyJpZCI6MTYzOTcsInVybCI6Imh0dHBzOlwvXC9jb25ncmVzb2dyby5nb2IubXhcL2luaWNpb1wvd3AtY29udGVudFwvdXBsb2Fkc1wvMjAyNlwvMDFcL0JBTk5FUi1SRUZPUk1BLUEtTEEtTEVZLURFTC1SRUdJU1RSTy1DSVZJTC0yNi1FTkVSTy0yMDI2LmpwZWciLCJzbGlkZXNob3ciOiI3Mjk0OTQyIn0%3D\" href='https:\/\/congresogro.gob.mx\/inicio\/wp-content\/uploads\/2026\/01\/BANNER-REFORMA-A-LA-LEY-DEL-REGISTRO-CIVIL-26-ENERO-2026.jpeg'><img loading=\"lazy\" decoding=\"async\" width=\"258\" height=\"300\" src=\"https:\/\/congresogro.gob.mx\/inicio\/wp-content\/uploads\/2026\/01\/BANNER-REFORMA-A-LA-LEY-DEL-REGISTRO-CIVIL-26-ENERO-2026-258x300.jpeg\" class=\"attachment-medium size-medium\" alt=\"El Congreso del Estado de Guerrero avanza en justicia social e inclusi\u00f3n\" aria-describedby=\"gallery-1-16397\" srcset=\"https:\/\/congresogro.gob.mx\/inicio\/wp-content\/uploads\/2026\/01\/BANNER-REFORMA-A-LA-LEY-DEL-REGISTRO-CIVIL-26-ENERO-2026-258x300.jpeg 258w, https:\/\/congresogro.gob.mx\/inicio\/wp-content\/uploads\/2026\/01\/BANNER-REFORMA-A-LA-LEY-DEL-REGISTRO-CIVIL-26-ENERO-2026-881x1024.jpeg 881w, https:\/\/congresogro.gob.mx\/inicio\/wp-content\/uploads\/2026\/01\/BANNER-REFORMA-A-LA-LEY-DEL-REGISTRO-CIVIL-26-ENERO-2026-768x892.jpeg 768w, https:\/\/congresogro.gob.mx\/inicio\/wp-content\/uploads\/2026\/01\/BANNER-REFORMA-A-LA-LEY-DEL-REGISTRO-CIVIL-26-ENERO-2026-1322x1536.jpeg 1322w, https:\/\/congresogro.gob.mx\/inicio\/wp-content\/uploads\/2026\/01\/BANNER-REFORMA-A-LA-LEY-DEL-REGISTRO-CIVIL-26-ENERO-2026-516x600.jpeg 516w, https:\/\/congresogro.gob.mx\/inicio\/wp-content\/uploads\/2026\/01\/BANNER-REFORMA-A-LA-LEY-DEL-REGISTRO-CIVIL-26-ENERO-2026-482x560.jpeg 482w, https:\/\/congresogro.gob.mx\/inicio\/wp-content\/uploads\/2026\/01\/BANNER-REFORMA-A-LA-LEY-DEL-REGISTRO-CIVIL-26-ENERO-2026.jpeg 1377w\" sizes=\"(max-width: 258px) 100vw, 258px\" \/><\/a>\n\t\t\t<\/dt>\n\t\t\t\t<dd class='wp-caption-text gallery-caption' id='gallery-1-16397'>\n\t\t\t\tAprobamos reformas a la Ley 495 del Registro Civil para garantizar la gratuidad y simplificaci\u00f3n del registro de defunciones extempor\u00e1neas, reconociendo los derechos del pueblo afromexicano y fortaleciendo el acceso a la seguridad jur\u00eddica.\n\t\t\t\t<\/dd><\/dl>\n\t\t\t<br style='clear: both' \/>\n\t\t<\/div>\n\t\t<\/div>\n\t\t\t\t<\/div>\n\t\t\t\t<\/div>\n\t\t\t\t\t<\/div>\n\t\t\t\t<\/div>\n\t\t\t\t<\/div>\n\t\t","protected":false},"excerpt":{"rendered":"<p>Coordinacion-interinstitucional- APRUEBAN DIPUTADAS Y DIPUTADOS REFORMAS PARA PROHIBIR LAS UNIONES TEMPRANAS O EMANCIPACIONES DE MENORES DE EDAD EN GUERRERO REFORMA AUTONOMIA SINDICAL Y DERECHOS LABORALES REFORMA A CODIGO PENAL PARA REFORZAR DELITOS PSICOSEXUALES MENORES DE 12 A\u00d1OS NO PODR\u00c1N VIAJAR EN MOTOCICLETAS Aprueba el Congreso de Guerrero iniciativas en materia de extorsi\u00f3n Aprobamos reformas a [&hellip;]<\/p>\n","protected":false},"author":1,"featured_media":0,"parent":0,"menu_order":0,"comment_status":"closed","ping_status":"closed","template":"","meta":{"_seopress_robots_primary_cat":"","_seopress_titles_title":"","_seopress_titles_desc":"","_seopress_robots_index":"","footnotes":""},"class_list":["post-17687","page","type-page","status-publish","hentry"],"_links":{"self":[{"href":"https:\/\/congresogro.gob.mx\/inicio\/wp-json\/wp\/v2\/pages\/17687","targetHints":{"allow":["GET"]}}],"collection":[{"href":"https:\/\/congresogro.gob.mx\/inicio\/wp-json\/wp\/v2\/pages"}],"about":[{"href":"https:\/\/congresogro.gob.mx\/inicio\/wp-json\/wp\/v2\/types\/page"}],"author":[{"embeddable":true,"href":"https:\/\/congresogro.gob.mx\/inicio\/wp-json\/wp\/v2\/users\/1"}],"replies":[{"embeddable":true,"href":"https:\/\/congresogro.gob.mx\/inicio\/wp-json\/wp\/v2\/comments?post=17687"}],"version-history":[{"count":4,"href":"https:\/\/congresogro.gob.mx\/inicio\/wp-json\/wp\/v2\/pages\/17687\/revisions"}],"predecessor-version":[{"id":17692,"href":"https:\/\/congresogro.gob.mx\/inicio\/wp-json\/wp\/v2\/pages\/17687\/revisions\/17692"}],"wp:attachment":[{"href":"https:\/\/congresogro.gob.mx\/inicio\/wp-json\/wp\/v2\/media?parent=17687"}],"curies":[{"name":"wp","href":"https:\/\/api.w.org\/{rel}","templated":true}]}}