{"id":6594,"date":"2021-09-09T21:51:52","date_gmt":"2021-09-09T21:51:52","guid":{"rendered":"https:\/\/congresogro.gob.mx\/62\/inicio\/?page_id=6594"},"modified":"2021-10-11T18:40:25","modified_gmt":"2021-10-11T18:40:25","slug":"lista-de-candidatos-registrados-para-el-proceso-de-seleccion-y-designacion-de-los-consejeros-del-consejo-consultivo-de-la-comision-de-los-derechos-humanos-del-estado-de-guerrero","status":"publish","type":"page","link":"https:\/\/congresogro.gob.mx\/62\/inicio\/lista-de-candidatos-registrados-para-el-proceso-de-seleccion-y-designacion-de-los-consejeros-del-consejo-consultivo-de-la-comision-de-los-derechos-humanos-del-estado-de-guerrero\/","title":{"rendered":"lista-de-candidatos-registrados-para-el-proceso-de-seleccion-y-designacion-de-los-consejeros-del-consejo-consultivo-de-la-comision-de-los-derechos-humanos-del-estado-de-guerrero\/"},"content":{"rendered":"<p><strong>A LA CIUDADAN\u00cdA EN GENERAL<\/strong><strong>:<\/strong><\/p>\n<p><strong>\u00a0<\/strong><\/p>\n<p>&nbsp;<\/p>\n<p style=\"text-align: justify;\">De conformidad con lo dispuesto en la base S\u00e9ptima de la <strong>Convocatoria para el proceso de selecci\u00f3n y designaci\u00f3n de los Consejeros del Consejo Consultivo de la Comisi\u00f3n de los Derechos Humanos del Estado de Guerrero <\/strong>y los art\u00edculos 118 de la Constituci\u00f3n Pol\u00edtica del Estado de Guerrero y 300 de la Ley Org\u00e1nica del Poder Legislativo del Estado de Guerrero n\u00famero 231, se hace del conocimiento para consulta de la ciudadan\u00eda la lista de candidatos registrados, para ocupar el cargo, siendo esta la siguiente:<\/p>\n<p>&nbsp;<\/p>\n<p>&nbsp;<\/p>\n<table>\n<thead>\n<tr>\n<td width=\"307\"><strong>Aspirantes<\/strong><\/td>\n<\/tr>\n<tr>\n<td width=\"307\"><a href=\"https:\/\/congresogro.gob.mx\/62\/lista-aspirantes-consejeros-derechos-humanos\/leonel-casares-garcia.pdf\">Leonel Casares Garc\u00eda<\/a><\/td>\n<\/tr>\n<tr>\n<td width=\"307\"><a href=\"https:\/\/congresogro.gob.mx\/62\/lista-aspirantes-consejeros-derechos-humanos\/victor-manuel-castrejon-huicochea.pdf\">V\u00edctor Manuel Castrej\u00f3n Huicochea<\/a><\/td>\n<\/tr>\n<tr>\n<td width=\"307\"><a href=\"https:\/\/congresogro.gob.mx\/62\/lista-aspirantes-consejeros-derechos-humanos\/manuel-garcia-guatemala.pdf\">Manuel Garc\u00eda Guatemala<\/a><\/td>\n<\/tr>\n<tr>\n<td width=\"307\"><a href=\"https:\/\/congresogro.gob.mx\/62\/lista-aspirantes-consejeros-derechos-humanos\/juan-salvador-susunaga-flores.pdf\">Juan Salvador Susunaga\u00a0 Flores<\/a><\/td>\n<\/tr>\n<tr>\n<td width=\"307\"><a href=\"https:\/\/congresogro.gob.mx\/62\/lista-aspirantes-consejeros-derechos-humanos\/santiago-corona-salgado.pdf\">Santiago Corona Salgado<\/a><\/td>\n<\/tr>\n<tr>\n<td width=\"307\"><a href=\"https:\/\/congresogro.gob.mx\/62\/lista-aspirantes-consejeros-derechos-humanos\/omar-teodoro-navarrete.pdf\">Omar Teodoro Navarrete<\/a><\/td>\n<\/tr>\n<tr>\n<td width=\"307\"><a href=\"https:\/\/congresogro.gob.mx\/62\/lista-aspirantes-consejeros-derechos-humanos\/bautista-remigio-enrique.pdf\">Bautista Remigio Enrique<\/a><\/td>\n<\/tr>\n<\/thead>\n<\/table>\n<p>&nbsp;<\/p>\n<p>&nbsp;<\/p>\n<p>Lo anterior para que los interesados, dentro de los cinco d\u00edas siguientes a la presente publicaci\u00f3n, puedan aportar a la Junta de Coordinaci\u00f3n Pol\u00edtica de este Poder Legislativo elementos de juicio para formular la propuesta respectiva ante el Pleno de la Legislatura.<\/p>\n<p>&nbsp;<\/p>\n<p>Toda documentaci\u00f3n ser\u00e1 recibida en las oficinas de este Poder Legislativo, sita en Boulevard Vicente Guerrero, Tr\u00e9bol Sur, Sentimientos de la Naci\u00f3n S\/N,\u00a0 Colonia Villa Moderna, C.P. 39075, en Chilpancingo de los Bravo, Estado de Guerrero, en un horario de las 9:00 a las 15:00 horas.<\/p>\n<p>&nbsp;<\/p>\n<p>Los res\u00famenes curriculares de las y los candidatos registrados aparecen publicados en la direcci\u00f3n electr\u00f3nica <a href=\"http:\/\/congresogro.gob.mx\/62\/inicio\/\">http:\/\/congresogro.gob.mx\/62\/inicio\/<\/a> , portal oficial del Poder Legislativo.<\/p>\n<p>&nbsp;<\/p>\n<p>Chilpancingo de los Bravo, Guerrero 24 agosto de 2021<\/p>\n<p>&nbsp;<\/p>\n<p style=\"text-align: center;\"><strong>A T E N T A M E N T E<\/strong><\/p>\n<p style=\"text-align: center;\"><strong>\u00a0<\/strong><\/p>\n<p style=\"text-align: center;\"><strong>Atentamente<\/strong><\/p>\n<p style=\"text-align: center;\"><strong>Los Integrantes De La Junta de Coordinaci\u00f3n Pol\u00edtica<\/strong><\/p>\n<p>&nbsp;<\/p>\n<table width=\"728\">\n<tbody>\n<tr>\n<td width=\"344\">\n<p style=\"text-align: center;\"><strong>\u00a0<\/strong><\/p>\n<p style=\"text-align: center;\"><strong>\u00a0<\/strong><\/p>\n<p style=\"text-align: center;\"><strong>\u00a0<\/strong><\/p>\n<p style=\"text-align: center;\"><strong>Dip. <\/strong><strong>Alfredo S\u00e1nchez Esquivel<\/strong><\/p>\n<p style=\"text-align: center;\"><strong>Presidente<\/strong><\/p>\n<\/td>\n<td style=\"text-align: center;\" width=\"385\"><strong>\u00a0<\/strong><\/p>\n<p><strong>\u00a0<\/strong><\/p>\n<p><strong>\u00a0<\/strong><\/p>\n<p><strong>Dip. Ma. Veronica Mu\u00f1oz Parra<\/strong><\/p>\n<p><strong>Secretario<\/strong><\/td>\n<\/tr>\n<tr>\n<td width=\"344\"><strong>\u00a0<\/strong><\/p>\n<p><strong>\u00a0<\/strong><\/p>\n<p><strong>\u00a0<\/strong><\/p>\n<p style=\"text-align: center;\"><strong>Dip. Bernardo Ortega Jim\u00e9nez<\/strong><\/p>\n<p style=\"text-align: center;\"><strong>Vocal<\/strong><\/p>\n<\/td>\n<td width=\"385\"><strong>\u00a0<\/strong><\/p>\n<p><strong>\u00a0<\/strong><\/p>\n<p><strong>\u00a0<\/strong><\/p>\n<p style=\"text-align: center;\"><strong>Dip. Manuel Qui\u00f1onez Cortes<\/strong><\/p>\n<p style=\"text-align: center;\"><strong>Vocal<\/strong><\/p>\n<\/td>\n<\/tr>\n<tr>\n<td style=\"text-align: center;\" width=\"344\"><strong>\u00a0<\/strong><\/p>\n<p><strong>\u00a0<\/strong><\/p>\n<p><strong>\u00a0<\/strong><\/p>\n<p><strong>Dip. Leticia Mosso Hern\u00e1ndez<\/strong><\/p>\n<p><strong>Vocal<\/strong><\/td>\n<td width=\"385\">\n<p style=\"text-align: center;\"><strong>\u00a0<\/strong><\/p>\n<p style=\"text-align: center;\"><strong>\u00a0<\/strong><\/p>\n<p style=\"text-align: center;\"><strong>\u00a0<\/strong><\/p>\n<p style=\"text-align: center;\"><strong>Dip. Guadalupe Gonz\u00e1lez Su\u00e1stegui<\/strong><\/p>\n<p style=\"text-align: center;\"><strong>Vocal<\/strong><\/p>\n<\/td>\n<\/tr>\n<tr>\n<td colspan=\"2\" width=\"728\"><strong>\u00a0<\/strong><\/td>\n<\/tr>\n<\/tbody>\n<\/table>\n<p><strong>\u00a0<\/strong><\/p>\n<p style=\"text-align: justify;\">La presente hoja de firmas de los diputados integrantes de la Junta de Coordinaci\u00f3n Pol\u00edtica, corresponde al comunicado de consulta ciudadana en el proceso de selecci\u00f3n y designaci\u00f3n de los integrantes del Consejo Consultivo de la Comisi\u00f3n de los Derechos Humanos del Estado de Guerrero<\/p>\n","protected":false},"excerpt":{"rendered":"<p>A LA CIUDADAN\u00cdA EN GENERAL: \u00a0 &nbsp; De conformidad con lo dispuesto en la base S\u00e9ptima de la Convocatoria para el proceso de selecci\u00f3n y designaci\u00f3n de los Consejeros del Consejo Consultivo de la Comisi\u00f3n de los Derechos Humanos del Estado de Guerrero y los art\u00edculos 118 de la Constituci\u00f3n Pol\u00edtica del Estado de Guerrero&#8230;<\/p>\n","protected":false},"author":1,"featured_media":0,"parent":0,"menu_order":0,"comment_status":"closed","ping_status":"closed","template":"","meta":{"footnotes":""},"class_list":["post-6594","page","type-page","status-publish","hentry"],"yoast_head":"<!-- This site is optimized with the Yoast SEO plugin v23.5 - https:\/\/yoast.com\/wordpress\/plugins\/seo\/ -->\n<title>lista-de-candidatos-registrados-para-el-proceso-de-seleccion-y-designacion-de-los-consejeros-del-consejo-consultivo-de-la-comision-de-los-derechos-humanos-del-estado-de-guerrero\/ - Congreso del Estado de Guerrero<\/title>\n<meta name=\"robots\" content=\"index, follow, max-snippet:-1, max-image-preview:large, max-video-preview:-1\" \/>\n<link rel=\"canonical\" href=\"https:\/\/congresogro.gob.mx\/62\/inicio\/lista-de-candidatos-registrados-para-el-proceso-de-seleccion-y-designacion-de-los-consejeros-del-consejo-consultivo-de-la-comision-de-los-derechos-humanos-del-estado-de-guerrero\/\" \/>\n<meta property=\"og:locale\" content=\"es_MX\" \/>\n<meta property=\"og:type\" content=\"article\" \/>\n<meta property=\"og:title\" content=\"lista-de-candidatos-registrados-para-el-proceso-de-seleccion-y-designacion-de-los-consejeros-del-consejo-consultivo-de-la-comision-de-los-derechos-humanos-del-estado-de-guerrero\/ - Congreso del Estado de Guerrero\" \/>\n<meta property=\"og:description\" content=\"A LA CIUDADAN\u00cdA EN GENERAL: \u00a0 &nbsp; De conformidad con lo dispuesto en la base S\u00e9ptima de la Convocatoria para el proceso de selecci\u00f3n y designaci\u00f3n de los Consejeros del Consejo Consultivo de la Comisi\u00f3n de los Derechos Humanos del Estado de Guerrero y los art\u00edculos 118 de la Constituci\u00f3n Pol\u00edtica del Estado de Guerrero...\" \/>\n<meta property=\"og:url\" content=\"https:\/\/congresogro.gob.mx\/62\/inicio\/lista-de-candidatos-registrados-para-el-proceso-de-seleccion-y-designacion-de-los-consejeros-del-consejo-consultivo-de-la-comision-de-los-derechos-humanos-del-estado-de-guerrero\/\" \/>\n<meta property=\"og:site_name\" content=\"Congreso del Estado de Guerrero\" \/>\n<meta property=\"article:modified_time\" content=\"2021-10-11T18:40:25+00:00\" \/>\n<meta name=\"twitter:card\" content=\"summary_large_image\" \/>\n<meta name=\"twitter:label1\" content=\"Tiempo de lectura\" \/>\n\t<meta name=\"twitter:data1\" content=\"2 minutos\" \/>\n<script type=\"application\/ld+json\" class=\"yoast-schema-graph\">{\"@context\":\"https:\/\/schema.org\",\"@graph\":[{\"@type\":\"WebPage\",\"@id\":\"https:\/\/congresogro.gob.mx\/62\/inicio\/lista-de-candidatos-registrados-para-el-proceso-de-seleccion-y-designacion-de-los-consejeros-del-consejo-consultivo-de-la-comision-de-los-derechos-humanos-del-estado-de-guerrero\/\",\"url\":\"https:\/\/congresogro.gob.mx\/62\/inicio\/lista-de-candidatos-registrados-para-el-proceso-de-seleccion-y-designacion-de-los-consejeros-del-consejo-consultivo-de-la-comision-de-los-derechos-humanos-del-estado-de-guerrero\/\",\"name\":\"lista-de-candidatos-registrados-para-el-proceso-de-seleccion-y-designacion-de-los-consejeros-del-consejo-consultivo-de-la-comision-de-los-derechos-humanos-del-estado-de-guerrero\/ - Congreso del Estado de Guerrero\",\"isPartOf\":{\"@id\":\"https:\/\/congresogro.gob.mx\/62\/inicio\/#website\"},\"datePublished\":\"2021-09-09T21:51:52+00:00\",\"dateModified\":\"2021-10-11T18:40:25+00:00\",\"breadcrumb\":{\"@id\":\"https:\/\/congresogro.gob.mx\/62\/inicio\/lista-de-candidatos-registrados-para-el-proceso-de-seleccion-y-designacion-de-los-consejeros-del-consejo-consultivo-de-la-comision-de-los-derechos-humanos-del-estado-de-guerrero\/#breadcrumb\"},\"inLanguage\":\"es\",\"potentialAction\":[{\"@type\":\"ReadAction\",\"target\":[\"https:\/\/congresogro.gob.mx\/62\/inicio\/lista-de-candidatos-registrados-para-el-proceso-de-seleccion-y-designacion-de-los-consejeros-del-consejo-consultivo-de-la-comision-de-los-derechos-humanos-del-estado-de-guerrero\/\"]}]},{\"@type\":\"BreadcrumbList\",\"@id\":\"https:\/\/congresogro.gob.mx\/62\/inicio\/lista-de-candidatos-registrados-para-el-proceso-de-seleccion-y-designacion-de-los-consejeros-del-consejo-consultivo-de-la-comision-de-los-derechos-humanos-del-estado-de-guerrero\/#breadcrumb\",\"itemListElement\":[{\"@type\":\"ListItem\",\"position\":1,\"name\":\"Inicio\",\"item\":\"https:\/\/congresogro.gob.mx\/62\/inicio\/\"},{\"@type\":\"ListItem\",\"position\":2,\"name\":\"lista-de-candidatos-registrados-para-el-proceso-de-seleccion-y-designacion-de-los-consejeros-del-consejo-consultivo-de-la-comision-de-los-derechos-humanos-del-estado-de-guerrero\/\"}]},{\"@type\":\"WebSite\",\"@id\":\"https:\/\/congresogro.gob.mx\/62\/inicio\/#website\",\"url\":\"https:\/\/congresogro.gob.mx\/62\/inicio\/\",\"name\":\"Congreso del Estado de Guerrero\",\"description\":\"LXII LEGISLATURA\",\"potentialAction\":[{\"@type\":\"SearchAction\",\"target\":{\"@type\":\"EntryPoint\",\"urlTemplate\":\"https:\/\/congresogro.gob.mx\/62\/inicio\/?s={search_term_string}\"},\"query-input\":{\"@type\":\"PropertyValueSpecification\",\"valueRequired\":true,\"valueName\":\"search_term_string\"}}],\"inLanguage\":\"es\"}]}<\/script>\n<!-- \/ Yoast SEO plugin. -->","yoast_head_json":{"title":"lista-de-candidatos-registrados-para-el-proceso-de-seleccion-y-designacion-de-los-consejeros-del-consejo-consultivo-de-la-comision-de-los-derechos-humanos-del-estado-de-guerrero\/ - Congreso del Estado de Guerrero","robots":{"index":"index","follow":"follow","max-snippet":"max-snippet:-1","max-image-preview":"max-image-preview:large","max-video-preview":"max-video-preview:-1"},"canonical":"https:\/\/congresogro.gob.mx\/62\/inicio\/lista-de-candidatos-registrados-para-el-proceso-de-seleccion-y-designacion-de-los-consejeros-del-consejo-consultivo-de-la-comision-de-los-derechos-humanos-del-estado-de-guerrero\/","og_locale":"es_MX","og_type":"article","og_title":"lista-de-candidatos-registrados-para-el-proceso-de-seleccion-y-designacion-de-los-consejeros-del-consejo-consultivo-de-la-comision-de-los-derechos-humanos-del-estado-de-guerrero\/ - Congreso del Estado de Guerrero","og_description":"A LA CIUDADAN\u00cdA EN GENERAL: \u00a0 &nbsp; De conformidad con lo dispuesto en la base S\u00e9ptima de la Convocatoria para el proceso de selecci\u00f3n y designaci\u00f3n de los Consejeros del Consejo Consultivo de la Comisi\u00f3n de los Derechos Humanos del Estado de Guerrero y los art\u00edculos 118 de la Constituci\u00f3n Pol\u00edtica del Estado de Guerrero...","og_url":"https:\/\/congresogro.gob.mx\/62\/inicio\/lista-de-candidatos-registrados-para-el-proceso-de-seleccion-y-designacion-de-los-consejeros-del-consejo-consultivo-de-la-comision-de-los-derechos-humanos-del-estado-de-guerrero\/","og_site_name":"Congreso del Estado de Guerrero","article_modified_time":"2021-10-11T18:40:25+00:00","twitter_card":"summary_large_image","twitter_misc":{"Tiempo de lectura":"2 minutos"},"schema":{"@context":"https:\/\/schema.org","@graph":[{"@type":"WebPage","@id":"https:\/\/congresogro.gob.mx\/62\/inicio\/lista-de-candidatos-registrados-para-el-proceso-de-seleccion-y-designacion-de-los-consejeros-del-consejo-consultivo-de-la-comision-de-los-derechos-humanos-del-estado-de-guerrero\/","url":"https:\/\/congresogro.gob.mx\/62\/inicio\/lista-de-candidatos-registrados-para-el-proceso-de-seleccion-y-designacion-de-los-consejeros-del-consejo-consultivo-de-la-comision-de-los-derechos-humanos-del-estado-de-guerrero\/","name":"lista-de-candidatos-registrados-para-el-proceso-de-seleccion-y-designacion-de-los-consejeros-del-consejo-consultivo-de-la-comision-de-los-derechos-humanos-del-estado-de-guerrero\/ - Congreso del Estado de Guerrero","isPartOf":{"@id":"https:\/\/congresogro.gob.mx\/62\/inicio\/#website"},"datePublished":"2021-09-09T21:51:52+00:00","dateModified":"2021-10-11T18:40:25+00:00","breadcrumb":{"@id":"https:\/\/congresogro.gob.mx\/62\/inicio\/lista-de-candidatos-registrados-para-el-proceso-de-seleccion-y-designacion-de-los-consejeros-del-consejo-consultivo-de-la-comision-de-los-derechos-humanos-del-estado-de-guerrero\/#breadcrumb"},"inLanguage":"es","potentialAction":[{"@type":"ReadAction","target":["https:\/\/congresogro.gob.mx\/62\/inicio\/lista-de-candidatos-registrados-para-el-proceso-de-seleccion-y-designacion-de-los-consejeros-del-consejo-consultivo-de-la-comision-de-los-derechos-humanos-del-estado-de-guerrero\/"]}]},{"@type":"BreadcrumbList","@id":"https:\/\/congresogro.gob.mx\/62\/inicio\/lista-de-candidatos-registrados-para-el-proceso-de-seleccion-y-designacion-de-los-consejeros-del-consejo-consultivo-de-la-comision-de-los-derechos-humanos-del-estado-de-guerrero\/#breadcrumb","itemListElement":[{"@type":"ListItem","position":1,"name":"Inicio","item":"https:\/\/congresogro.gob.mx\/62\/inicio\/"},{"@type":"ListItem","position":2,"name":"lista-de-candidatos-registrados-para-el-proceso-de-seleccion-y-designacion-de-los-consejeros-del-consejo-consultivo-de-la-comision-de-los-derechos-humanos-del-estado-de-guerrero\/"}]},{"@type":"WebSite","@id":"https:\/\/congresogro.gob.mx\/62\/inicio\/#website","url":"https:\/\/congresogro.gob.mx\/62\/inicio\/","name":"Congreso del Estado de Guerrero","description":"LXII LEGISLATURA","potentialAction":[{"@type":"SearchAction","target":{"@type":"EntryPoint","urlTemplate":"https:\/\/congresogro.gob.mx\/62\/inicio\/?s={search_term_string}"},"query-input":{"@type":"PropertyValueSpecification","valueRequired":true,"valueName":"search_term_string"}}],"inLanguage":"es"}]}},"_links":{"self":[{"href":"https:\/\/congresogro.gob.mx\/62\/inicio\/wp-json\/wp\/v2\/pages\/6594","targetHints":{"allow":["GET"]}}],"collection":[{"href":"https:\/\/congresogro.gob.mx\/62\/inicio\/wp-json\/wp\/v2\/pages"}],"about":[{"href":"https:\/\/congresogro.gob.mx\/62\/inicio\/wp-json\/wp\/v2\/types\/page"}],"author":[{"embeddable":true,"href":"https:\/\/congresogro.gob.mx\/62\/inicio\/wp-json\/wp\/v2\/users\/1"}],"replies":[{"embeddable":true,"href":"https:\/\/congresogro.gob.mx\/62\/inicio\/wp-json\/wp\/v2\/comments?post=6594"}],"version-history":[{"count":4,"href":"https:\/\/congresogro.gob.mx\/62\/inicio\/wp-json\/wp\/v2\/pages\/6594\/revisions"}],"predecessor-version":[{"id":6598,"href":"https:\/\/congresogro.gob.mx\/62\/inicio\/wp-json\/wp\/v2\/pages\/6594\/revisions\/6598"}],"wp:attachment":[{"href":"https:\/\/congresogro.gob.mx\/62\/inicio\/wp-json\/wp\/v2\/media?parent=6594"}],"curies":[{"name":"wp","href":"https:\/\/api.w.org\/{rel}","templated":true}]}}